{"id":3,"date":"2023-08-11T11:45:23","date_gmt":"2023-08-11T11:45:23","guid":{"rendered":"http:\/\/www.lexcapitalgroup.pl\/?page_id=3"},"modified":"2024-03-20T11:39:03","modified_gmt":"2024-03-20T11:39:03","slug":"privacy-policy","status":"publish","type":"page","link":"https:\/\/www.lexcapitalgroup.pl\/?page_id=3","title":{"rendered":"Privacy Policy"},"content":{"rendered":"\t\t<div data-elementor-type=\"wp-page\" data-elementor-id=\"3\" class=\"elementor elementor-3\">\n\t\t\t\t\t\t\t<div class=\"elementor-element elementor-element-203e7217 e-flex e-con-boxed e-con e-parent\" data-id=\"203e7217\" data-element_type=\"container\" data-settings=\"{&quot;content_width&quot;:&quot;boxed&quot;}\" data-core-v316-plus=\"true\">\n\t\t\t\t\t<div class=\"e-con-inner\">\n\t\t\t\t<div class=\"elementor-element elementor-element-1d741176 elementor-widget elementor-widget-text-editor\" data-id=\"1d741176\" data-element_type=\"widget\" data-widget_type=\"text-editor.default\">\n\t\t\t\t<div class=\"elementor-widget-container\">\n\t\t\t<style>\/*! elementor - v3.18.0 - 08-12-2023 *\/\n.elementor-widget-text-editor.elementor-drop-cap-view-stacked .elementor-drop-cap{background-color:#69727d;color:#fff}.elementor-widget-text-editor.elementor-drop-cap-view-framed .elementor-drop-cap{color:#69727d;border:3px solid;background-color:transparent}.elementor-widget-text-editor:not(.elementor-drop-cap-view-default) .elementor-drop-cap{margin-top:8px}.elementor-widget-text-editor:not(.elementor-drop-cap-view-default) .elementor-drop-cap-letter{width:1em;height:1em}.elementor-widget-text-editor .elementor-drop-cap{float:left;text-align:center;line-height:1;font-size:50px}.elementor-widget-text-editor .elementor-drop-cap-letter{display:inline-block}<\/style>\t\t\t\t<p><span style=\"font-family: Arial, serif;\"><span style=\"font-size: small;\">Dzie\u0144 dobry! <\/span><\/span><\/p>\t\t\t\t\t\t<\/div>\n\t\t\t\t<\/div>\n\t\t\t\t<div class=\"elementor-element elementor-element-76faa1f elementor-widget elementor-widget-text-editor\" data-id=\"76faa1f\" data-element_type=\"widget\" data-widget_type=\"text-editor.default\">\n\t\t\t\t<div class=\"elementor-widget-container\">\n\t\t\t\t\t\t\t<p align=\"JUSTIFY\"><span style=\"font-family: Arial, serif;\"><span style=\"font-size: 18px;\">Je\u015bli trafi\u0142e\u015b na t\u0119 stron\u0119, to znaczy, \u017ce wa\u017cna jest dla Ciebie ochrona Twoich danych osobowych. Chcemy Ci\u0119 zapewni\u0107, \u017ce dbamy o Twoj\u0105 prywatno\u015b\u0107 i jest ona dla nas wa\u017cna. W tym celu wdro\u017cyli\u015bmy nie tylko \u015brodki prawne, ale i techniczne, \u017ceby dodatkowo wzmocni\u0107 jej ochron\u0119.<\/span><\/span><\/p>\t\t\t\t\t\t<\/div>\n\t\t\t\t<\/div>\n\t\t\t\t<div class=\"elementor-element elementor-element-42688c0 elementor-widget elementor-widget-text-editor\" data-id=\"42688c0\" data-element_type=\"widget\" data-widget_type=\"text-editor.default\">\n\t\t\t\t<div class=\"elementor-widget-container\">\n\t\t\t\t\t\t\t<p align=\"JUSTIFY\"><span style=\"font-family: Arial, serif;\"><span style=\"font-size: 18px;\">Zgodnie z RODO, poni\u017cej przedstawiamy, zasady przetwarzania przez nas Twoich danych osobowych. Zapoznaj si\u0119 z najwa\u017cniejszymi pytaniami, odnosz\u0105cymi si\u0119 do Twoich danych osobowych, a w razie jakichkolwiek w\u0105tpliwo\u015bci dot. Polityki prywatno\u015bci, zapraszamy do kontaktu z nami poprzez adres: <a href=\"mailto:\"biuro@lexcapitalgroup.pl\" style=\"text-decoration:underline\">biuro@lexcapitalgroup.pl<\/a><\/span><\/span><\/p>\t\t\t\t\t\t<\/div>\n\t\t\t\t<\/div>\n\t\t\t\t<div class=\"elementor-element elementor-element-fdbb8a2 elementor-widget elementor-widget-text-editor\" data-id=\"fdbb8a2\" data-element_type=\"widget\" data-widget_type=\"text-editor.default\">\n\t\t\t\t<div class=\"elementor-widget-container\">\n\t\t\t\t\t\t\t<p align=\"JUSTIFY\"><span style=\"font-family: Arial, serif;\"><span style=\"font-size: small;\">W tym dokumencie znajdziesz informacje na temat:<\/span><\/span><\/p>\n<ol>\n<li>\n<p align=\"JUSTIFY\"><span style=\"font-family: Arial, serif;\"><span style=\"font-size: small;\">Polityki prywatno\u015bci<\/span><\/span><\/p>\n<\/li>\n<li>\n<p align=\"JUSTIFY\"><a name=\"Bookmark\"><\/a> <span style=\"font-family: Arial, serif;\"><span style=\"font-size: small;\">Regulaminu newslettera<\/span><\/span><\/p>\n<\/li>\n<\/ol>\t\t\t\t\t\t<\/div>\n\t\t\t\t<\/div>\n\t\t\t\t<div class=\"elementor-element elementor-element-4358dfd elementor-widget elementor-widget-text-editor\" data-id=\"4358dfd\" data-element_type=\"widget\" data-widget_type=\"text-editor.default\">\n\t\t\t\t<div class=\"elementor-widget-container\">\n\t\t\t\t\t\t\t\t\t\t\t\t\t<\/div>\n\t\t\t\t<\/div>\n\t\t\t\t<div class=\"elementor-element elementor-element-a466899 elementor-widget elementor-widget-text-editor\" data-id=\"a466899\" data-element_type=\"widget\" data-widget_type=\"text-editor.default\">\n\t\t\t\t<div class=\"elementor-widget-container\">\n\t\t\t\t\t\t\tPOLITYKA PRYWATNO\u015aCI\t\t\t\t\t\t<\/div>\n\t\t\t\t<\/div>\n\t\t\t\t<div class=\"elementor-element elementor-element-cd5f1d4 elementor-widget elementor-widget-text-editor\" data-id=\"cd5f1d4\" data-element_type=\"widget\" data-widget_type=\"text-editor.default\">\n\t\t\t\t<div class=\"elementor-widget-container\">\n\t\t\t\t\t\t\t<p align=\"JUSTIFY\"><span style=\"color: #2e74b5;\"><span style=\"font-family: Calibri Light, serif;\"><span style=\"font-size: large;\"><span style=\"color: #00000a;\"><span style=\"font-family: Arial, serif;\"><span style=\"font-size: small;\"><b>\u00a71 Kim jest Administrator Twoich danych osobowych?<\/b><\/span><\/span><\/span><\/span><\/span><\/span><\/p>\t\t\t\t\t\t<\/div>\n\t\t\t\t<\/div>\n\t\t\t\t<div class=\"elementor-element elementor-element-9d9b0d8 elementor-widget elementor-widget-text-editor\" data-id=\"9d9b0d8\" data-element_type=\"widget\" data-widget_type=\"text-editor.default\">\n\t\t\t\t<div class=\"elementor-widget-container\">\n\t\t\t\t\t\t\t<p align=\"JUSTIFY\"><span style=\"font-family: Arial, serif;\"><span style=\"font-size: 18px;\">\nAdministratorem danych jest LEX CAPITAL GROUP Sp. z o.o. z siedzib\u0105 w \u0141odzi, NIP 7252334431, REGON 52604812300000, zarejestrowany w KRS pod nr 0001055474, kapita\u0142 zak\u0142adowy 5\u00a0000 PLN,(dalej jako Us\u0142ugodawca).\nWe wszelkich sprawach, mo\u017cesz skontaktowa\u0107 si\u0119 pisz\u0105c na adres e-mail: \n <a style=\"text-decoration: underline;\" href=\"mailto:\">biuro@lexcapitalgroup.pl<\/a> lub telefonicznie: 513703534.<\/span><\/span><\/p>\t\t\t\t\t\t<\/div>\n\t\t\t\t<\/div>\n\t\t\t\t<div class=\"elementor-element elementor-element-33aac1a elementor-widget elementor-widget-text-editor\" data-id=\"33aac1a\" data-element_type=\"widget\" data-widget_type=\"text-editor.default\">\n\t\t\t\t<div class=\"elementor-widget-container\">\n\t\t\t\t\t\t\t<h1 class=\"western\"><span style=\"color: #00000a;\"><span style=\"font-family: Arial, serif;\"><span style=\"font-size: small;\"><b>\u00a72 W jakim celu zbieramy Twoje dane i jak d\u0142ugo je przechowujemy? <\/b><\/span><\/span><\/span><\/h1>\n<p align=\"JUSTIFY\"><span style=\"font-family: Arial, serif;\"><span style=\"font-size: small;\">Mo\u017cemy przetwarza\u0107 Twoje dane w nast\u0119puj\u0105cych celach:<\/span><\/span><\/p>\n<p align=\"JUSTIFY\"><span style=\"font-family: Arial, serif;\"><span style=\"font-size: small;\"><b>1. Komunikacji z Tob\u0105, w tym udzielania odpowiedzi na pytania przekazane przez <\/b><\/span><\/span><span style=\"font-family: Arial, serif;\"><span style=\"font-size: small;\"><b>formularz kontaktowy, wiadomo\u015b\u0107 e-mail, itp.;<\/b><\/span><\/span><\/p>\n<p align=\"JUSTIFY\"><span style=\"font-family: Arial, serif;\"><span style=\"font-size: small;\">Dane <\/span><\/span><span style=\"font-family: Arial, serif;\"><span style=\"font-size: small;\">b\u0119d\u0105 przetwarzane w oparciu o uzasadniony interes Administratora, w postaci komunikacji z U\u017cytkownikami Strony (art. 6 ust. 1 lit. f RODO). Twoje dane b\u0119d\u0105 przetwarzane nie d\u0142u\u017cej, ni\u017c do czasu wniesienia przez Ciebie sprzeciwu lub ustania celu biznesowego. <\/span><\/span><span style=\"font-family: Arial, serif;\"><span style=\"font-size: small;\">P<\/span><\/span><span style=\"font-family: Arial, serif;\"><span style=\"font-size: small;\">odanie tych danych jest dobrowolne, ale jednocze\u015bnie niezb\u0119dne do komunikacji z Tob\u0105. Dane mog\u0105 by\u0107 tak\u017ce przetwarzane podczas procesu archiwizacji do cel\u00f3w wewn\u0119trznych, w oparciu o uzasadniony interes Administratora (art. 6 ust. 1 lit. f RODO), do czasu wniesienia sprzeciwu lub ustania celu biznesowego.<\/span><\/span><\/p>\n<p align=\"JUSTIFY\"><span style=\"font-family: Arial, serif;\"><span style=\"font-size: small;\"><b>2. Zawarcia umowy i jej realizacji (z\u0142o\u017cenia zam\u00f3wienia);<\/b><\/span><\/span><\/p>\n<p align=\"JUSTIFY\"><span style=\"font-family: Arial, serif;\"><span style=\"font-size: small;\"><b>3. Realizacji obowi\u0105zk\u00f3w prawnych ci\u0105\u017c\u0105cych na Administratorze (m.in. obowi\u0105zk\u00f3w podatkowych i archiwizacyjnych); <\/b><\/span><\/span><\/p>\n<p align=\"JUSTIFY\"><span style=\"font-family: Arial, serif;\"><span style=\"font-size: small;\"><b>Dane niezb\u0119dne do zawarcia i realizacji umowy<\/b><\/span><\/span><span style=\"font-family: Arial, serif;\"><span style=\"font-size: small;\"> b\u0119d\u0105 przetwarzane przez czas realizacji umowy, w tym przez czas realizacji uprawnie\u0144 wynikaj\u0105cych z umowy, jak np. prawo do reklamacji z tytu\u0142u r\u0119kojmi <\/span><\/span><span style=\"font-family: Arial, serif;\"><span style=\"font-size: small;\">(art. 6 ust. 1 lit. b i f RODO). <\/span><\/span><span style=\"font-family: Arial, serif;\"><span style=\"font-size: small;\">P<\/span><\/span><span style=\"font-family: Arial, serif;\"><span style=\"font-size: small;\">odanie tych danych jest dobrowolne, ale jednocze\u015bnie niezb\u0119dne do zawarcia i realizacji umowy. <\/span><\/span><\/p>\n<p align=\"JUSTIFY\"><span style=\"font-family: Arial, serif;\"><span style=\"font-size: small;\"><b>Dane dodatkowe podane w celu m.in. usprawnienia realizacji umowy, <\/b><\/span><\/span><span style=\"font-family: Arial, serif;\"><span style=\"font-size: small;\">b\u0119d\u0105 przetwarzane <\/span><\/span><span style=\"font-family: Arial, serif;\"><span style=\"font-size: small;\">nie d\u0142u\u017cej, ni\u017c do czasu wniesienia przez Ciebie sprzeciwu lub ustania celu biznesowego,<\/span><\/span><span style=\"font-family: Arial, serif;\"><span style=\"font-size: small;\"> w oparciu o uzasadniony interes w postaci obs\u0142ugi Klient\u00f3w <\/span><\/span><span style=\"font-family: Arial, serif;\"><span style=\"font-size: small;\">(art. 6 ust. 1 lit. f RODO)<\/span><\/span><span style=\"font-family: Arial, serif;\"><span style=\"font-size: small;\">. <\/span><\/span><\/p>\n<p align=\"JUSTIFY\"><span style=\"font-family: Arial, serif;\"><span style=\"font-size: small;\">Po tym czasie, <\/span><\/span><span style=\"font-family: Arial, serif;\"><span style=\"font-size: small;\"><b>dane b\u0119d\u0105 <\/b><\/span><\/span><span style=\"font-family: Arial, serif;\"><span style=\"font-size: small;\"><b>przetwarzane przez okres przedawnienia roszcze\u0144,<\/b><\/span><\/span><span style=\"font-family: Arial, serif;\"><span style=\"font-size: small;\"> w oparciu o uzasadniony interes Administratora w celu obrony przed roszczeniami, a tak\u017ce w celu ustalenia i dochodzenia roszcze\u0144 (art. 6 ust. 1 lit. f RODO). <\/span><\/span><\/p>\n<p align=\"JUSTIFY\"><span style=\"font-family: Arial, serif;\"><span style=\"font-size: small;\">W przypadku gdy dane s\u0105 niezb\u0119dne do realizacji obowi\u0105zk\u00f3w prawnych, ci\u0105\u017c\u0105cych na Administratorze (jak np. wystawianie i przechowywanie faktur, realizacja procedur wynikaj\u0105cych z aktu o us\u0142ugach cyfrowych) \u2013 dane b\u0119d\u0105 przetwarzane w tym celu nie d\u0142u\u017cej ni\u017c przez 6 lat (obowi\u0105zki archiwizacyjne dot. dokument\u00f3w ksi\u0119gowych), chyba \u017ce przepisy prawa stanowi\u0105 inaczej (art. 6 ust. 1 lit. c RODO).<\/span><\/span><\/p>\n<p align=\"JUSTIFY\"><span style=\"font-family: Arial, serif;\"><span style=\"font-size: small;\">Dane mog\u0105 by\u0107 tak\u017ce archiwizowane do cel\u00f3w wewn\u0119trznych i statystycznych, do czasu wniesienia przez Ciebie sprzeciwu lub ustania celu biznesowego,<\/span><\/span><span style=\"font-family: Arial, serif;\"><span style=\"font-size: small;\"> w oparciu o uzasadniony interes Administratora <\/span><\/span><span style=\"font-family: Arial, serif;\"><span style=\"font-size: small;\">(art. 6 ust. 1 lit. f RODO)<\/span><\/span><span style=\"font-family: Arial, serif;\"><span style=\"font-size: small;\">. <\/span><\/span><\/p>\n<p align=\"JUSTIFY\"><span style=\"font-family: Arial, serif;\"><span style=\"font-size: small;\"><b>4. Dostarczania informacji marketingowych (m.in. wysy\u0142ki newslettera oraz informacji o us\u0142ugach, produktach, promocjach, darmowych tre\u015bciach za pomoc\u0105 innych narz\u0119dzi, np. chatbot, telefon);<\/b><\/span><\/span><\/p>\n<p align=\"JUSTIFY\"><span style=\"font-family: Arial, serif;\"><span style=\"font-size: small;\">Dane b\u0119d\u0105 przetwarzane w oparciu o uzasadniony interes Administratora, w postaci marketingu produkt\u00f3w i us\u0142ug Administratora (art. 6 ust. 1 lit. f RODO). Dane b\u0119d\u0105 przetwarzane nie d\u0142u\u017cej, ni\u017c do czasu wniesienia przez Ciebie sprzeciwu lub ustania celu biznesowego \u2013 w zale\u017cno\u015bci od tego, co nast\u0105pi wcze\u015bniej. Podanie danych jest dobrowolne, jednak niezb\u0119dne do otrzymywania informacji marketingowych\/handlowych. <br \/><br \/>Zgodnie z art. 10 ustawy o \u015bwiadczeniu us\u0142ug drog\u0105 elektroniczn\u0105, w celach utrzymania komunikacji handlowej oraz telefonicznej, potrzebuj\u0119 Twojej zgody.. Mo\u017cesz j\u0105 w ka\u017cdej chwili wycofa\u0107, <\/span><\/span><span style=\"font-family: Arial, serif;\"><span style=\"font-size: small;\">klikaj\u0105c link w stopce maila lub pisz\u0105c do mnie, na adres podany wy\u017cej<\/span><\/span><span style=\"font-family: Arial, serif;\"><span style=\"font-size: small;\"><b>.<\/b><\/span><\/span><\/p>\n<p align=\"JUSTIFY\"><span style=\"font-family: Arial, serif;\"><span style=\"font-size: small;\"><b>5. Administrowania i zarz\u0105dzania stron\u0105 i grupami na platformach spo\u0142eczno\u015bciowych (m.in. Facebook (Meta), Instagram, LinkedIn), <\/b><\/span><\/span><span style=\"font-family: Arial, serif;\"><span style=\"font-size: small;\"><b>w przypadku przetwarzania danych na platformach spo\u0142eczno\u015bciowych, w tym <\/b><\/span><\/span><span style=\"font-family: Arial, serif;\"><span style=\"font-size: small;\"><b>komunikacji i kierowania tre\u015bci marketingowych; <\/b><\/span><\/span><\/p>\n<p align=\"JUSTIFY\"><span style=\"font-family: Arial, serif;\"><span style=\"font-size: small;\">Dane te b\u0119d\u0105 przetwarzane wy\u0142\u0105cznie wtedy, gdy zdecydujesz si\u0119 na: polubienie strony \/ do\u0142\u0105czenie do grupy \/ wybranie opcji \u201eObserwuj\u201d lub w inny spos\u00f3b zostawisz swoje dane na platformie, zarz\u0105dzanej przeze mnie, np. w formie umieszczenia wpisu lub komentarza. Dane b\u0119d\u0105 przetwarzane przez okres istnienia strony\/grupy lub do czasu wniesienia przez Ciebie sprzeciwu, co mo\u017ce nast\u0105pi\u0107 poprzez odklikni\u0119cie opcji \u201eLubi\u0119 to\u201d, \u201eObserwuj\u201d, usuni\u0119cie komentarza\/wpisu albo w inny spos\u00f3b przewidziany w ramach platformy\/strony lub poprzez skontaktowanie si\u0119 ze mn\u0105 . Informujemy, \u017ce zasady odnosz\u0105ce si\u0119 do strony\/fanpage\u2019a\/grupy, ustala Administrator, natomiast zasady korzystania z portalu spo\u0142eczno\u015bciowego, na kt\u00f3rym umieszczona jest strona\/fanpage\/grupa, ustala podmiot zarz\u0105dzaj\u0105cy tymi portalami.<\/span><\/span><\/p>\n<p align=\"JUSTIFY\"><br \/><br \/><\/p>\n<p align=\"JUSTIFY\"><span style=\"font-family: Arial, serif;\"><span style=\"font-size: small;\"><b>6. Analitycznym i statystycznym; <\/b><\/span><\/span><\/p>\n<p align=\"JUSTIFY\"><span style=\"font-family: Arial, serif;\"><span style=\"font-size: small;\">Przetwarzanie danych w celach analitycznych i statystycznych, polega w szczeg\u00f3lno\u015bci na analizie danych, pozyskanych automatycznie przy korzystaniu ze strony internetowej, w tym plik\u00f3w cookies. Dane przetwarzane s\u0105 w oparciu o uzasadniony interes Administratora, w postaci <\/span><\/span><span style=\"font-family: Arial, serif;\"><span style=\"font-size: small;\">dostosowania zawarto\u015bci Strony do preferencji U\u017cytkownika oraz optymalizacji korzystania ze Strony; tworzenia statystyk, kt\u00f3re pomagaj\u0105 zrozumie\u0107, w jaki spos\u00f3b U\u017cytkownicy <\/span><\/span><span style=\"font-family: Arial, serif;\"><span style=\"font-size: small;\">korzystaj\u0105 ze Strony, co umo\u017cliwia ulepszanie jej struktury i zawarto\u015bci <\/span><\/span><span style=\"font-family: Arial, serif;\"><span style=\"font-size: small;\">(art. 6 ust. 1 lit. f RODO). <\/span><\/span><span style=\"font-family: Arial, serif;\"><span style=\"font-size: small;\">Dane mog\u0105 by\u0107 tak\u017ce archiwizowane do cel\u00f3w wewn\u0119trznych i statystycznych,<\/span><\/span><span style=\"font-family: Arial, serif;\"><span style=\"font-size: small;\"> w oparciu o uzasadniony interes Administratora <\/span><\/span><span style=\"font-family: Arial, serif;\"><span style=\"font-size: small;\">(art. 6 ust. 1 lit. f RODO)<\/span><\/span><span style=\"font-family: Arial, serif;\"><span style=\"font-size: small;\">,<\/span><\/span><span style=\"font-family: Arial, serif;\"><span style=\"font-size: small;\"> do czasu wniesienia przez Ciebie sprzeciwu lub ustania celu biznesowego.<\/span><\/span><\/p>\n<p align=\"JUSTIFY\"><br \/><br \/><\/p>\n<p align=\"JUSTIFY\"><br \/><br \/><\/p>\n<p align=\"JUSTIFY\"><span style=\"font-family: Arial, serif;\"><span style=\"font-size: small;\"><b>7. Odzyskiwania odrzuconych koszyk\u00f3w;<\/b><\/span><\/span><\/p>\n<p align=\"JUSTIFY\"><span style=\"font-family: Arial, serif;\"><span style=\"font-size: small;\">W sytuacji, gdy nie uko\u0144czysz sk\u0142adania zam\u00f3wienia, otrzymasz przypomnienie o rozpocz\u0119tym, ale niesfinalizowanym zam\u00f3wieniu. Dane przetwarzane b\u0119d\u0105 w oparciu o uzasadniony interes Administratora, w postaci obs\u0142ugi potencjalnych Klient\u00f3w i rzeczywistych Klient\u00f3w(art. 6 ust. 1 lit. f RODO). Dane te b\u0119d\u0105 przetwarzane przez czas niezb\u0119dny do realizacji cel\u00f3w biznesowych lub do momentu wniesienia sprzeciwu. <\/span><\/span><\/p>\n<p align=\"JUSTIFY\"><span style=\"font-family: Arial, serif;\"><span style=\"font-size: small;\"><b>8. Zamieszczania komentarzy<\/b><\/span><\/span><span style=\"font-family: Arial, serif;\"><span style=\"font-size: small;\"><b>;<\/b><\/span><\/span><\/p>\n<p align=\"JUSTIFY\"><span style=\"font-family: Arial, serif;\"><span style=\"font-size: small;\">Dane widoczne na naszej Stronie przy zamieszczonym komentarzu, s\u0105 przetwarzane przez nas w celu administrowania Stron\u0105 i do jej obs\u0142ugi, a tak\u017ce s\u0142u\u017c\u0105 do komunikacji z Tob\u0105 w oparciu o uzasadniony interes Administratora (art. 6 ust. 1 lit. f), przez czas niezb\u0119dny do realizacji cel\u00f3w biznesowych lub do momentu wniesienia sprzeciwu.<\/span><\/span><\/p>\n<p align=\"JUSTIFY\"><span style=\"font-family: Arial, serif;\"><span style=\"font-size: small;\"><b>9. Promocji i marketingu; <\/b><\/span><\/span><\/p>\n<p align=\"JUSTIFY\"><span style=\"font-family: Arial, serif;\"><span style=\"font-size: small;\">W sytuacji, gdy przeka\u017cesz nam swoje dane, w szczeg\u00f3lno\u015bci w postaci opinii dotycz\u0105cej produktu lub us\u0142ugi, w tym dane dot. wizerunku, b\u0119d\u0105 one przetwarzane w oparciu o uzasadniony interes Administratora w postaci marketingu, do celu podnoszenia jako\u015bci us\u0142ug i produkt\u00f3w oraz promocji us\u0142ug i produkt\u00f3w Administratora. Dane te b\u0119d\u0105 przetwarzane przez okres niezb\u0119dny do realizacji cel\u00f3w biznesowych lub do czasu wniesienia sprzeciwu. Podanie danych jest dobrowolne.<\/span><\/span><\/p>\n<h1 class=\"western\"><span style=\"color: #00000a;\"><span style=\"font-family: Arial, serif;\"><span style=\"font-size: small;\"><b>\u00a73 Komu mo\u017cemy przekaza\u0107 Twoje dane?<\/b><\/span><\/span><\/span><\/h1>\n<p align=\"JUSTIFY\"><span style=\"font-family: Arial, serif;\"><span style=\"font-size: small;\">Przekazujemy Twoje dane innym podmiotom tylko wtedy, gdy jest to niezb\u0119dne do realizacji cel\u00f3w przetwarzania, o kt\u00f3rych mowa w \u00a72 oraz wy\u0142\u0105cznie w zakresie koniecznym do realizacji tego celu. Co do zasady zbieramy i przetwarzamy tylko te dane, kt\u00f3re sam nam poda\u0142e\u015b, z zastrze\u017ceniem danych zbieranych automatycznie (plik\u00f3w cookies). Wi\u0119cej o cookies znajdziesz w \u00a77.<\/span><\/span><\/p>\n<p align=\"JUSTIFY\"><span style=\"font-family: Arial, serif;\"><span style=\"font-size: small;\">W razie potrzeby Twoje dane mog\u0105 by\u0107 przekazane podmiotom, z kt\u00f3rymi wsp\u00f3\u0142pracujemy przy realizacji ww. cel\u00f3w, w szczeg\u00f3lno\u015bci firmie hostingowej<\/span><\/span><span style=\"font-family: Arial, serif;\"><span style=\"font-size: small;\">, <\/span><\/span><span style=\"font-family: Arial, serif;\"><span style=\"font-size: small;\">firmie informatycznej \/ podmiotowi zarz\u0105dzaj\u0105cemu stron\u0105,<\/span><\/span> <span style=\"font-family: Arial, serif;\"><span style=\"font-size: small;\">firmie \u015bwiadcz\u0105cej us\u0142ugi rachunkowo-ksi\u0119gowe<\/span><\/span><span style=\"font-family: Arial, serif;\"><span style=\"font-size: small;\">, firmie udost\u0119pniaj\u0105cej program do faktur, <\/span><\/span><span style=\"font-family: Arial, serif;\"><span style=\"font-size: small;\">firmie \u015bwiadcz\u0105cej us\u0142ugi newslettera, firmie \u015bwiadcz\u0105cej us\u0142ugi chmurowe,<\/span><\/span> <span style=\"font-family: Arial, serif;\"><span style=\"font-size: small;\">podmiotom \u015bwiadcz\u0105cym us\u0142ugi marketingowe, podmiotom \u015bwiadcz\u0105cym us\u0142ugi administracyjne, podmiotom \u015bwiadcz\u0105cym us\u0142ugi konsultingowe, podwykonawcom,<\/span><\/span> <span style=\"font-family: Arial, serif;\"><span style=\"font-size: small;\">prawnikom, kurierom lub operatorom pocztowym<\/span><\/span><span style=\"font-family: Arial, serif;\"><span style=\"font-size: small;\">, <\/span><\/span><span style=\"font-family: Arial, serif;\"><span style=\"font-size: small;\">platformie szkoleniowej<\/span><\/span><span style=\"font-family: Arial, serif;\"><span style=\"font-size: small;\">, platformie spo\u0142eczno\u015bciowej, platformie do obs\u0142ugi Klient\u00f3w, platformie do umawiania wizyt, platformie do udost\u0119pniania produkt\u00f3w lub \u015bwiadczenia us\u0142ug, <\/span><\/span><span style=\"font-family: Arial, serif;\"><span style=\"font-size: small;\">innym podmiotom, kt\u00f3re wspieraj\u0105 Administratora w realizacji cel\u00f3w przetwarzania.<\/span><\/span><\/p>\n<p align=\"JUSTIFY\"><span style=\"font-family: Arial, serif;\"><span style=\"font-size: small;\">Co do zasady dane nie b\u0119d\u0105 przekazywane poza obszar EOG, z zastrze\u017ceniem sytuacji opisanych poni\u017cej. W pozosta\u0142ych przypadkach, w sytuacji gdy dane b\u0119d\u0105 przekazane poza EOG, nast\u0105pi to w oparciu o Twoj\u0105 zgod\u0119, standardowe klauzule umowne lub w oparciu o inne zabezpieczenia przewidziane w RODO, po spe\u0142nieniu m.in. obowi\u0105zku informacyjnego.<\/span><\/span><\/p>\n<p align=\"JUSTIFY\"><span style=\"font-family: Arial, serif;\"><span style=\"font-size: small;\">Us\u0142ugi \u015bwiadczone przez Google lub Facebook (META), wykonywane s\u0105 co do zasady przez podmioty, maj\u0105ce swoj\u0105 siedzib\u0119 w Unii Europejskiej. Z uwagi jednak na globalny charakter dzia\u0142ania tych podmiot\u00f3w, Twoje dane mog\u0105 by\u0107 przekazywane do USA, w zwi\u0105zku z ich przechowywaniem na serwerach ameryka\u0144skich (w ca\u0142o\u015bci lub w cz\u0119\u015bci). Niezale\u017cnie od tego, Google i Facebook wdro\u017cy\u0142y zabezpieczenia zgodne z wymogami RODO, maj\u0105ce na celu ochron\u0119 danych osobowych, poprzez stosowanie standardowych klauzul umownych.\u00a0 Wi\u0119cej informacji o zasadach przetwarzania danych przez ww. dostawc\u00f3w, znajduje si\u0119 w Politykach prywatno\u015bci ka\u017cdego z podmiot\u00f3w.<\/span><\/span><\/p>\n<p align=\"JUSTIFY\"><span style=\"font-family: Arial, serif;\"><span style=\"font-size: small;\">Twoje dane (o ile wynika to z celu przetwarzania) mog\u0105 by\u0107 tak\u017ce przekazywane poza obszar EOG nast\u0119puj\u0105cym podmiotom:<\/span><\/span><\/p>\n<ol>\n<li>\n<p align=\"JUSTIFY\"><span style=\"font-family: Arial, serif;\"><span style=\"font-size: small;\"><span lang=\"en-US\">Active Campaign LLC <\/span><\/span><\/span><span style=\"font-family: Arial, serif;\"><span style=\"font-size: small;\"><span lang=\"en-US\">1 N Dearborn St., 5th Floor, Chicago, Illinois 60602<\/span><\/span><\/span><\/p>\n<\/li>\n<li>\n<p align=\"JUSTIFY\"><span style=\"font-family: Arial, serif;\"><span style=\"font-size: small;\"><span lang=\"en-US\">Asana, Inc., 1550 Bryant Street, 2nd Floor San Francisco, California 94103,<\/span><\/span><\/span><\/p>\n<\/li>\n<li>\n<p align=\"JUSTIFY\"><span style=\"font-family: Arial, serif;\"><span style=\"font-size: small;\"><span lang=\"en-US\">MailerLite Limited, an Irish registered company at Ground Floor, 71 Lower Baggot Street, Dublin 2, D02 P593, Ireland<\/span><\/span><\/span><span style=\"font-family: Arial, serif;\"><span style=\"font-size: small;\"><span lang=\"en-US\"><b>.<\/b><\/span><\/span><\/span><\/p>\n<\/li>\n<\/ol>\n<h1 class=\"western\"><span style=\"color: #00000a;\"><span style=\"font-family: Arial, serif;\"><span style=\"font-size: small;\"><b>\u00a74 Jakie prawa Ci przys\u0142uguj\u0105?<\/b><\/span><\/span><\/span><\/h1>\n<p align=\"JUSTIFY\"><span style=\"font-family: Arial, serif;\"><span style=\"font-size: small;\">W zwi\u0105zku z RODO przys\u0142uguje Ci prawo dost\u0119pu do swoich danych osobowych<\/span><\/span><span style=\"font-family: Arial, serif;\"><span style=\"font-size: small;\">, <\/span><\/span><span style=\"font-family: Arial, serif;\"><span style=\"font-size: small;\">sprostowania danych osobowych, usuni\u0119cia danych osobowych<\/span><\/span><span style=\"font-family: Arial, serif;\"><span style=\"font-size: small;\">, <\/span><\/span><span style=\"font-family: Arial, serif;\"><span style=\"font-size: small;\">ograniczenia przetwarzania danych osobowych<\/span><\/span><span style=\"font-family: Arial, serif;\"><span style=\"font-size: small;\">, <\/span><\/span><span style=\"font-family: Arial, serif;\"><span style=\"font-size: small;\">sprzeciwu wobec przetwarzania danych osobowych<\/span><\/span><span style=\"font-family: Arial, serif;\"><span style=\"font-size: small;\">, <\/span><\/span><span style=\"font-family: Arial, serif;\"><span style=\"font-size: small;\">przenoszenia danych osobowych, cofni\u0119cia zgody na przetwarzanie danych; wycofanie zgody, nie wp\u0142ywa na zgodno\u015b\u0107 z prawem przetwarzania, dokonanego przed jej cofni\u0119ciem. Szczeg\u00f3\u0142owe informacje dot. ww. praw znajduj\u0105 si\u0119 w rozporz\u0105dzeniu RODO, tj. w rozporz\u0105dzeniu Pa<\/span><\/span><span style=\"color: #1a1a1c;\"><span style=\"font-family: Arial, serif;\"><span style=\"font-size: small;\">rlamentu Europejskiego i\u00a0Rady (UE) 2016\/679 z\u00a0dnia 27 kwietnia 2016 r. w\u00a0sprawie ochrony os\u00f3b fizycznych w\u00a0zwi\u0105zku z\u00a0przetwarzaniem danych osobowych i\u00a0w sprawie swobodnego przep\u0142ywu takich danych oraz uchylenia dyrektywy 95\/46\/WE (og\u00f3lne rozporz\u0105dzenie o\u00a0ochronie danych).<\/span><\/span><\/span><\/p>\n<p align=\"JUSTIFY\"><span style=\"font-family: Arial, serif;\"><span style=\"font-size: small;\">Je\u017celi uwa\u017casz, \u017ce Twoje dane osobowe s\u0105 przetwarzane niezgodnie z obowi\u0105zuj\u0105cym prawem, przys\u0142uguje Ci skarga do Prezesa Urz\u0119du Ochrony Danych Osobowych. W takim przypadku zach\u0119cam jednak do wcze\u015bniejszego kontaktu ze mn\u0105, celem wyja\u015bnienia swoich w\u0105tpliwo\u015bci.<\/span><\/span><\/p>\n<h1 class=\"western\"><span style=\"color: #00000a;\"><span style=\"font-family: Arial, serif;\"><span style=\"font-size: small;\"><b>\u00a75 Czy Twoje dane s\u0105 profilowane?<\/b><\/span><\/span><\/span><\/h1>\n<p align=\"JUSTIFY\"><span style=\"font-family: Times New Roman, serif;\"><span style=\"font-size: medium;\"><span style=\"font-family: Arial, serif;\"><span style=\"font-size: small;\">Administrator analizuje dane osobowe w spos\u00f3b zautomatyzowany, za pomoc\u0105 narz\u0119dzi udost\u0119pnionych przez dostawc\u00f3w oprogramowania (np. za pomoc\u0105 statystyk, historii), wy\u0142\u0105cznie w zakresie, kt\u00f3ry nie wywo\u0142uje wobec Ciebie \u017cadnych skutk\u00f3w prawnych lub istotnie nie wp\u0142ywa na Twoj\u0105 sytuacj\u0119, w tym na zagwarantowane prawa i wolno\u015bci. Celem przetwarzania danych w spos\u00f3b zautomatyzowany, jest poznanie preferencji U\u017cytkownik\u00f3w (wi\u0119cej informacji o analizie znajduje si\u0119 w <\/span><\/span><span style=\"font-family: Arial, serif;\"><span style=\"font-size: small;\">\u00a77<\/span><\/span><b> <\/b><span style=\"font-family: Arial, serif;\"><span style=\"font-size: small;\">Polityka plik\u00f3w cookies).<\/span><\/span><\/span><\/span><\/p>\n<h1 class=\"western\"><span style=\"color: #00000a;\"><span style=\"font-family: Arial, serif;\"><span style=\"font-size: small;\"><b>\u00a76 Przepisy prawa obowi\u0105zuj\u0105ce w zakresie danych osobowych<\/b><\/span><\/span><\/span><\/h1>\n<p align=\"JUSTIFY\"><span style=\"font-family: Arial, serif;\"><span style=\"font-size: small;\">W\u00a0sprawach nieuregulowanych stosuje si\u0119 w\u0142a\u015bciwe przepisy prawa, w tym prawa europejskiego (m.in. RODO<\/span><\/span><span style=\"font-family: Arial, serif;\"><span style=\"font-size: small;\">).<\/span><\/span><\/p>\n<h1 class=\"western\"><span style=\"color: #00000a;\"><span style=\"font-family: Arial, serif;\"><span style=\"font-size: small;\"><b>\u00a77 Polityka plik\u00f3w cookies<\/b><\/span><\/span><\/span><\/h1>\n<p align=\"JUSTIFY\"><span style=\"font-family: Arial, serif;\"><span style=\"font-size: small;\">Strona nie <\/span><\/span><span style=\"font-family: Arial, serif;\"><span style=\"font-size: small;\">zbiera w spos\u00f3b automatyczny \u017cadnych informacji, z wyj\u0105tkiem informacji zawartych w plikach cookies. Dane te s\u0105 zbierane, w spos\u00f3b uniemo\u017cliwiaj\u0105cy identyfikacj\u0119 U\u017cytkownika, tzw. dane anonimowe.<\/span><\/span><\/p>\n<p align=\"JUSTIFY\"><span style=\"font-family: Arial, serif;\"><span style=\"font-size: small;\">Pliki cookies (tzw. \u201eciasteczka\u201d) stanowi\u0105 dane informatyczne, w szczeg\u00f3lno\u015bci pliki tekstowe, kt\u00f3re przechowywane s\u0105 w urz\u0105dzeniu ko\u0144cowym U\u017cytkownika Strony i przeznaczone s\u0105 do korzystania ze Strony. Cookies zazwyczaj zawieraj\u0105 nazw\u0119 strony internetowej, z kt\u00f3rej pochodz\u0105, czas przechowywania ich na urz\u0105dzeniu ko\u0144cowym oraz unikalny numer.<\/span><\/span><\/p>\n<p align=\"JUSTIFY\"><span style=\"font-family: Arial, serif;\"><span style=\"font-size: small;\">Pliki cookies <\/span><\/span><span style=\"font-family: Arial, serif;\"><span style=\"font-size: small;\">wykorzystywane s\u0105: w celu dostosowania zawarto\u015bci Strony do preferencji U\u017cytkownika oraz, aby optymalizowa\u0107 korzystanie ze Strony, a tak\u017ce do tworzenia statystyk<\/span><\/span><span style=\"font-family: Arial, serif;\"><span style=\"font-size: small;\">, kt\u00f3re pomagaj\u0105 zrozumie\u0107, w jaki spos\u00f3b U\u017cytkownicy korzystaj\u0105 ze Strony, co umo\u017cliwia ulepszanie jej struktury i zawarto\u015bci.<\/span><\/span><\/p>\n<p align=\"JUSTIFY\"><span style=\"font-family: Arial, serif;\"><span style=\"font-size: small;\">Mo\u017cesz dokona\u0107 samodzielnie zmian w ustawieniach, dotycz\u0105cych plik\u00f3w cookies. W wielu przypadkach przegl\u0105darka internetowa domy\u015blnie dopuszcza przechowywanie plik\u00f3w cookies w urz\u0105dzeniu ko\u0144cowym U\u017cytkownika. Szczeg\u00f3\u0142owe informacje o mo\u017cliwo\u015bci i sposobach obs\u0142ugi plik\u00f3w cookies dost\u0119pne s\u0105 w ustawieniach oprogramowania (przegl\u0105darki internetowej). Brak wyra\u017cenia zgody na pliki cookies, mo\u017ce ogranicza\u0107 dzia\u0142anie niekt\u00f3rych funkcjonalno\u015bci na Stronie. <br \/><br \/>Administrator stosuje technologie, obserwuj\u0105ce dzia\u0142ania, podejmowane przez U\u017cytkownika w ramach Strony:<\/span><\/span><\/p>\n<p align=\"JUSTIFY\"><span style=\"font-family: Arial, serif;\"><span style=\"font-size: small;\">&#8211; piksel konwersji Facebooka (Meta<\/span><\/span><span style=\"font-family: Arial, serif;\"><span style=\"font-size: small;\">) dostarczany przez <\/span><\/span><span style=\"font-family: Arial, serif;\"><span style=\"font-size: small;\">Meta Platforms Ireland Limited <\/span><\/span><span style=\"font-family: Arial, serif;\"><span style=\"font-size: small;\">\u2013 w celu zarz\u0105dzania reklamami na Meta i prowadzenia dzia\u0142a\u0144 remarketingowych<\/span><\/span><span style=\"font-family: Arial, serif;\"><span style=\"font-size: small;\">; Facebook Pixel to fragment kodu opublikowany na stronie internetowej, kt\u00f3ry pozwala na docieranie do grupy docelowej w oparciu o dane os\u00f3b, kt\u00f3re korzysta\u0142y ze strony internetowej. W\u00a0ramach funkcji Facebook Pixel mo\u017cliwe jest zatem, wy\u015bwietlanie opublikowanych reklam na portalach nale\u017c\u0105cych do Meta wy\u0142\u0105cznie u\u017cytkownikom portalu, kt\u00f3rzy wykazali zainteresowanie produktami lub us\u0142ugami lub maj\u0105 wsp\u00f3lne czynniki do ww. os\u00f3b. Dane te przetwarzane s\u0105 w oparciu o uzasadniony interes Administratora (art. 6 ust. 1 lit. f RODO). Szczeg\u00f3\u0142owe informacje dot. Piksela Facebooka, mo\u017cna znale\u017a\u0107 na stronie <\/span><\/span><a href=\"https:\/\/www.facebook.com\/privacy\/center\/?entry_point=privacy_shortcuts_redirect\"><span style=\"color: #00000a;\"><span style=\"font-family: Arial, serif;\"><span style=\"font-size: small;\">Polityki prywatno\u015bci Facebooka (Meta). <br \/><\/span><\/span><\/span><\/a><\/p>\n<p align=\"JUSTIFY\"><span style=\"font-family: Arial, serif;\"><span style=\"font-size: small;\">&#8211; narz\u0119dzia Google, w tym Google Analytics <\/span><\/span><span style=\"font-family: Arial, serif;\"><span style=\"font-size: small;\">dostarczane przez<\/span><\/span><span style=\"font-family: Arial, serif;\"><span style=\"font-size: small;\">\u00a0Google LLC, 1600 Amphitheatre Parkway, Mountain View, CA 94043, USA. Dane pozyskane w ramach korzystania z ww. narz\u0119dzia wykorzystuj\u0119<\/span><\/span><span style=\"font-family: Arial, serif;\"><span style=\"font-size: small;\"> w celu analizy statystyk Strony. Google Analytics korzysta z w\u0142asnych plik\u00f3w cookies do analizowania dzia\u0142a\u0144 i zachowa\u0144 U\u017cytkownik\u00f3w Strony. Pliki te s\u0142u\u017c\u0105 do przechowywania informacji, np. z jakiej strony U\u017cytkownik trafi\u0142 na bie\u017c\u0105c\u0105 stron\u0119 internetow\u0105. Pomagaj\u0105 udoskonali\u0107 Stron\u0119<\/span><\/span><span style=\"font-family: Arial, serif;\"><span style=\"font-size: small;\">. Dane te przetwarzane s\u0105 w oparciu o uzasadniony interes Administratora (art. 6 ust. 1 lit. f RODO). <\/span><\/span><span style=\"font-family: Arial, serif;\"><span style=\"font-size: small;\">Szczeg\u00f3\u0142owe informacje dot. <\/span><\/span><span style=\"font-family: Arial, serif;\"><span style=\"font-size: small;\">Google Analytics<\/span><\/span><span style=\"font-family: Arial, serif;\"><span style=\"font-size: small;\">,<\/span><\/span><span style=\"font-family: Arial, serif;\"><span style=\"font-size: small;\"> mo\u017cna znale\u017a\u0107 na stronie: <\/span><\/span><a href=\"https:\/\/policies.google.com\/technologies\/partner-sites\"><span style=\"color: #00000a;\"><span style=\"font-family: Arial, serif;\"><span style=\"font-size: small;\">zasady korzystania z narz\u0119dzi Google.<\/span><\/span><\/span> <span style=\"color: #00000a;\"><span style=\"font-family: Arial, serif;\"><span style=\"font-size: small;\"><br \/><\/span><\/span><\/span><\/a><br \/><br \/><\/p>\n<h1 class=\"western\"><span style=\"color: #00000a;\"><span style=\"font-family: Arial, serif;\"><span style=\"font-size: small;\"><b>\u00a78 Wtyczki spo\u0142eczno\u015bciowe<\/b><\/span><\/span><\/span><\/h1>\n<p align=\"JUSTIFY\"><span style=\"font-family: Arial, serif;\"><span style=\"font-size: small;\">Na Stronie u\u017cywane s\u0105 wtyczki, widgety i inne narz\u0119dzia spo\u0142eczno\u015bciowe udost\u0119pniane przez portale takie jak: Facebook (Meta), Instagram, YouTube, LinkedIn. Zasady dotycz\u0105ce przetwarzania danych osobowych opisane s\u0105 bezpo\u015brednio na stronach ww. Us\u0142ugodawc\u00f3w.<\/span><\/span><\/p>\n<p align=\"JUSTIFY\"><br \/><br \/><\/p>\n<h1 class=\"western\"><span style=\"color: #00000a;\"><span style=\"font-family: Arial, serif;\"><span style=\"font-size: small;\"><b>\u00a79 Wsp\u00f3\u0142administrowanie<\/b><\/span><\/span><\/span><\/h1>\n<p align=\"JUSTIFY\"><span style=\"font-family: Arial, serif;\"><span style=\"font-size: small;\">Dane przetwarzane na potrzeby statystyk zbieranych w ramach platformy Facebook (Meta), s\u0105 wsp\u00f3\u0142administrowane przez <\/span><\/span><span style=\"font-family: Arial, serif;\"><span style=\"font-size: small;\">Administratora oraz Meta Platforms Ireland Limited, z siedzib\u0105 pod adresem 4 Grand Canal Square, Grand Canal Harbour, Dublin 2, Ireland, zwan\u0105 dalej Wsp\u00f3\u0142administratorem. Szczeg\u00f3\u0142owe zasady dotycz\u0105ce wsp\u00f3\u0142administrowania danymi, w tym informacje o przys\u0142uguj\u0105cych prawach, opisane zosta\u0142y na stronie <\/span><\/span><a href=\"https:\/\/www.facebook.com\/privacy\/policy\/?entry_point=data_policy_redirect&amp;entry=0\"><span style=\"font-family: Arial, serif;\"><span style=\"font-size: small;\"><b>Polityka prywatno\u015bci<\/b><\/span><\/span><\/a><span style=\"font-family: Arial, serif;\"><span style=\"font-size: small;\"><u><b>.<\/b><\/u><\/span><\/span><\/p>\n<p align=\"JUSTIFY\"><br \/><br \/><\/p>\n<p align=\"JUSTIFY\"><span style=\"font-family: Arial, serif;\"><span style=\"font-size: small;\">Dane przetwarzane w ramach platformy LinkedIn s\u0105 wsp\u00f3\u0142administrowane przez <\/span><\/span><span style=\"font-family: Arial, serif;\"><span style=\"font-size: small;\">Administratora oraz L<\/span><\/span><span style=\"color: #000000;\"><span style=\"font-family: Arial, serif;\"><span style=\"font-size: small;\">inkedIn Ireland Unlimited Company, adres: Legal Dept. <\/span><\/span><\/span><span style=\"color: #000000;\"><span style=\"font-family: Arial, serif;\"><span style=\"font-size: small;\"><span lang=\"en-GB\">(Privacy Policy and User Agreement), Wilton Place, Dublin 2, Ireland, <\/span><\/span><\/span><\/span><span style=\"font-family: Arial, serif;\"><span style=\"font-size: small;\"><span lang=\"en-GB\">zwany dalej Wsp\u00f3\u0142administratorem. <\/span><\/span><\/span><span style=\"font-family: Arial, serif;\"><span style=\"font-size: small;\">Szczeg\u00f3\u0142owe zasady dotycz\u0105ce wsp\u00f3\u0142administrowania danymi, w tym informacje o przys\u0142uguj\u0105cych prawach, opisane zosta\u0142y na stronie <\/span><\/span><a href=\"https:\/\/pl.linkedin.com\/legal\/privacy-policy\"><span style=\"font-family: Arial, serif;\"><span style=\"font-size: small;\"><b>Polityka prywatno\u015bci. <\/b><\/span><\/span><\/a><\/p>\n<p align=\"JUSTIFY\"><span style=\"font-family: Arial, serif;\"><span style=\"font-size: small;\">Administrator przetwarza dane w <\/span><\/span><span style=\"font-family: Arial, serif;\"><span style=\"font-size: small;\">oparciu o uzasadniony interes Administratora, polegaj\u0105cy na prowadzeniu <\/span><\/span><span style=\"font-family: Arial, serif;\"><span style=\"font-size: small;\">analiz aktywno\u015bci U\u017cytkownik\u00f3w, a tak\u017ce ich preferencji, w celu poprawy stosowanych funkcjonalno\u015bci i \u015bwiadczonych us\u0142ug. W sprawach dotycz\u0105cych danych osobowych, mo\u017cna kontaktowa\u0107 si\u0119 zar\u00f3wno z Administratorem, jak i Wsp\u00f3\u0142administratorem.<\/span><\/span><\/p>\n<p align=\"JUSTIFY\"><br \/><br \/><\/p>\n<p align=\"JUSTIFY\"><br \/><br \/><\/p>\n<p align=\"CENTER\"><span style=\"font-family: Arial, serif;\"><span style=\"font-size: small;\"><b>REGULAMIN NEWSLETTERA <\/b><\/span><\/span><\/p>\n<p align=\"JUSTIFY\"><br \/><br \/><\/p>\n<p align=\"JUSTIFY\">\u00a0<\/p>\n<p><span style=\"font-family: Arial, serif;\"><span style=\"font-size: small;\"><b>\u00a71 Najwa\u017cniejsze informacje dot. Us\u0142ugodawcy <\/b><\/span><\/span><\/p>\n<p align=\"JUSTIFY\"><span style=\"font-family: Arial, serif;\"><span style=\"font-size: small;\">Us\u0142ugi i tre\u015bci cyfrowe udost\u0119pniane w ramach Newslettera \u015bwiadczone s\u0105 przez LEX CAPITAL GROUP Sp. z o.o. z siedzib\u0105 w \u0141odzi, NIP 7252334431, REGON 52604812300000, zarejestrowany w KRS pod nr 0001055474, kapita\u0142 zak\u0142adowy 5\u00a0000 PLN,(dalej jako <\/span><\/span><span style=\"font-family: Arial, serif;\"><span style=\"font-size: small;\"><i>Us\u0142ugodawca<\/i><\/span><\/span><span style=\"font-family: Arial, serif;\"><span style=\"font-size: small;\">).<\/span><\/span><\/p>\n<p align=\"JUSTIFY\"><span style=\"font-family: Arial, serif;\"><span style=\"font-size: small;\">We wszelkich sprawach, mo\u017cesz skontaktowa\u0107 si\u0119 pisz\u0105c na adres e-mail: <\/span><\/span><a href=\"mailto:biuro@lexcapitalgroup.pl\"><span style=\"color: #0563c1;\"><span style=\"font-family: Arial, serif;\"><span style=\"font-size: small;\"><u>biuro@lexcapitalgroup.pl<\/u><\/span><\/span><\/span><\/a><span style=\"font-family: Arial, serif;\"><span style=\"font-size: small;\"> lub telefonicznie: 513703534. <\/span><\/span><\/p>\n<p align=\"JUSTIFY\"><span style=\"font-family: Arial, serif;\"><span style=\"font-size: small;\">S\u0142ownik poj\u0119\u0107 znajduje si\u0119 w \u00a710 niniejszego Regulaminu.<\/span><\/span><\/p>\n<p align=\"JUSTIFY\"><br \/><br \/><\/p>\n<p align=\"JUSTIFY\"><span style=\"font-family: Arial, serif;\"><span style=\"font-size: small;\"><b>\u00a72 Najwa\u017cniejsze informacje dotycz\u0105ce Newslettera<\/b><\/span><\/span><\/p>\n<ol>\n<li>\n<p align=\"JUSTIFY\"><span style=\"font-family: Arial, serif;\"><span style=\"font-size: small;\">Newsletter, w tym us\u0142ugi i tre\u015bci cyfrowe s\u0105 wysy\u0142ane na wskazany przez Ciebie adres e-mail.<\/span><\/span><\/p>\n<\/li>\n<li>\n<p align=\"JUSTIFY\"><span style=\"font-family: Arial, serif;\"><span style=\"font-size: small;\">W ramach Newslettera udost\u0119pniane s\u0105 tre\u015bci edukacyjne, a tak\u017ce informacje o nowych wpisach blogowych lub materia\u0142ach udost\u0119pnianych w social media, zni\u017ckach, aktualnych promocjach, bonusach, bezp\u0142atnych i p\u0142atnych wydarzeniach, wyzwaniach, szkoleniach oraz inne informacje marketingowe i handlowe o produktach i us\u0142ugach oferowanych przez Us\u0142ugodawc\u0119 lub polecanych przez Us\u0142ugodawc\u0119. <\/span><\/span><\/p>\n<\/li>\n<li>\n<p align=\"JUSTIFY\"><span style=\"font-family: Arial, serif;\"><span style=\"font-size: small;\">W przypadku gdy w ramach Newslettera udost\u0119pniania jest tre\u015b\u0107 cyfrowa (np. e-book, nagranie audio\/wideo), dost\u0119p do niej mo\u017cesz uzyska\u0107 w spos\u00f3b wskazany w e-mailu (np. poprzez klikni\u0119cie aktywnego linku udost\u0119pnionego w e-mailu, pobranie za\u0142\u0105cznika do\u0142\u0105czonego do wiadomo\u015bci). <\/span><\/span><\/p>\n<\/li>\n<li>\n<p align=\"JUSTIFY\"><span style=\"font-family: Arial, serif;\"><span style=\"font-size: small;\">Z uwagi na to, \u017ce programy pocztowe cz\u0119sto uznaj\u0105 wiadomo\u015bci wysy\u0142ane z program\u00f3w mailingowych za SPAM, zalecane jest dodanie Us\u0142ugodawcy do listy zaufanych odbiorc\u00f3w.<\/span><\/span><\/p>\n<\/li>\n<\/ol>\n<p align=\"JUSTIFY\"><br \/><br \/><\/p>\n<p align=\"JUSTIFY\"><span style=\"font-family: Arial, serif;\"><span style=\"font-size: small;\"><b>\u00a73 Zasady zawarcia umowy i uzyskania dost\u0119pu do Newslettera <\/b><\/span><\/span><\/p>\n<ol>\n<li>\n<p><span style=\"font-family: Arial, serif;\"><span style=\"font-size: small;\">Dost\u0119p do Newslettera mo\u017cesz uzyska\u0107 nieodp\u0142atnie \u2013 poprzez zapis do Newslettera i przekazanie Twojego adresu e-mail, imienia lub innych danych osobowych wymaganych w formularzu zapisu do cel\u00f3w marketingowych\/handlowych.<\/span><\/span><\/p>\n<\/li>\n<li>\n<p><span style=\"font-family: Arial, serif;\"><span style=\"font-size: small;\">W celu zapisania si\u0119 do Newslettera i uzyskania dost\u0119pu do us\u0142ugi\/tre\u015bci cyfrowej:<\/span><\/span><\/p>\n<\/li>\n<\/ol>\n<ol>\n<li>\n<p align=\"JUSTIFY\"><span style=\"font-family: Arial, serif;\"><span style=\"font-size: small;\">podaj dane osobowe w ramach udost\u0119pnionego formularza zapisu,<\/span><\/span><\/p>\n<\/li>\n<li>\n<p><span style=\"font-family: Arial, serif;\"><span style=\"font-size: small;\">zaakceptuj Regulamin newslettera,<\/span><\/span><\/p>\n<\/li>\n<li>\n<p align=\"JUSTIFY\"><span style=\"font-family: Arial, serif;\"><span style=\"font-size: small;\">potwierd\u017a sw\u00f3j adres e-mail &#8211; w przypadku gdy na etapie zapisu wskazano konieczno\u015b\u0107 potwierdzenia adresu e-mail (mechanizm double opt-in).<\/span><\/span><\/p>\n<\/li>\n<\/ol>\n<ol start=\"3\">\n<li>\n<p align=\"JUSTIFY\"><span style=\"font-family: Arial, serif;\"><span style=\"font-size: small;\">Umowa na \u015bwiadczenie us\u0142ugi dost\u0119pu do tre\u015bci cyfrowej zostaje zawarta na czas nieokre\u015blony z chwil\u0105:<\/span><\/span><\/p>\n<\/li>\n<\/ol>\n<ol>\n<li>\n<p align=\"JUSTIFY\"><span style=\"font-family: Arial, serif;\"><span style=\"font-size: small;\">wy\u015bwietlenia Klientowi potwierdzenia zapisania si\u0119 do Newslettera (w przypadku nieodp\u0142atnego dost\u0119pu),<\/span><\/span><\/p>\n<\/li>\n<li>\n<p align=\"JUSTIFY\"><span style=\"font-family: Arial, serif;\"><span style=\"font-size: small;\">z chwil\u0105 akceptacji Regulaminu sklepu i dokonania p\u0142atno\u015bci za dost\u0119p do tre\u015bci cyfrowej (w przypadku odp\u0142atnego dost\u0119pu).<\/span><\/span><\/p>\n<\/li>\n<\/ol>\n<ol start=\"4\">\n<li>\n<p align=\"JUSTIFY\"><span style=\"font-family: Arial, serif;\"><span style=\"font-size: small;\">Dost\u0119p do Newslettera, w tym do udost\u0119pnionych us\u0142ug i tre\u015bci cyfrowych jest udzielany niezw\u0142ocznie po zawarciu Umowy, chyba \u017ce z Opisu Us\u0142ugi wynika inaczej. W przypadku nieuzyskania dost\u0119pu, nale\u017cy zg\u0142osi\u0107 ww. brak Us\u0142ugodawcy.<\/span><\/span><\/p>\n<\/li>\n<li>\n<p align=\"JUSTIFY\"><span style=\"font-family: Arial, serif;\"><span style=\"font-size: small;\">Rozwi\u0105zanie Umowy na \u015bwiadczenie us\u0142ugi dost\u0119pu do Newslettera, w tym na dostarczenie us\u0142ugi i tre\u015bci cyfrowej przez Ciebie mo\u017ce nast\u0105pi\u0107 w trybie natychmiastowym. W celu rozwi\u0105zania Umowy:<\/span><\/span><\/p>\n<\/li>\n<\/ol>\n<ol>\n<li>\n<p align=\"JUSTIFY\"><span style=\"font-family: Arial, serif;\"><span style=\"font-size: small;\">kliknij przycisk \u201eAnuluj subskrypcj\u0119\u201d\/ \u201eZrezygnuj z subskrypcji\u201d lub przycisk analogiczny lub<\/span><\/span><\/p>\n<\/li>\n<li>\n<p align=\"JUSTIFY\"><span style=\"font-family: Arial, serif;\"><span style=\"font-size: small;\">skontaktuj si\u0119 z Us\u0142ugodawc\u0105.<\/span><\/span><\/p>\n<\/li>\n<\/ol>\n<p align=\"JUSTIFY\"><br \/><br \/><\/p>\n<p align=\"JUSTIFY\"><span style=\"font-family: Arial, serif;\"><span style=\"font-size: small;\"><b>\u00a74 Warunki techniczne <\/b><\/span><\/span><\/p>\n<ol>\n<li>\n<p align=\"JUSTIFY\"><span style=\"font-family: Arial, serif;\"><span style=\"font-size: small;\">Us\u0142ugodawca o\u015bwiadcza, i\u017c publiczny charakter sieci Internet i\u00a0korzystanie z\u00a0us\u0142ug \u015bwiadczonych drog\u0105 elektroniczn\u0105 wi\u0105za\u0107 mo\u017ce si\u0119 z\u00a0zagro\u017ceniem pozyskania i\u00a0modyfikowania danych Klient\u00f3w przez osoby nieuprawnione, dlatego zalecane jest stosowanie w\u0142a\u015bciwych \u015brodk\u00f3w technicznych, kt\u00f3re zminimalizuj\u0105 wskazane wy\u017cej zagro\u017cenia. Us\u0142ugodawca nigdy nie zwraca si\u0119 do Klienta z\u00a0pro\u015bb\u0105 o\u00a0udost\u0119pnienie mu w\u00a0jakiejkolwiek formie Has\u0142a.<\/span><\/span><\/p>\n<\/li>\n<li>\n<p align=\"JUSTIFY\"><span style=\"font-family: Arial, serif;\"><span style=\"font-size: small;\">W celu zapisania si\u0119 do Newslettera lub z\u0142o\u017cenia zam\u00f3wienia na odp\u0142atny dost\u0119p do Newslettera, konieczne jest posiadanie aktualnej wersji przegl\u0105darki internetowej wspieranej przez producenta z dost\u0119pem do Internetu (np. Opera, Mozilla Firefox, Google Chrome, Safari) oraz aktywnego konta poczty elektronicznej.<\/span><\/span><\/p>\n<\/li>\n<li>\n<p align=\"JUSTIFY\"><span style=\"font-family: Arial, serif;\"><span style=\"font-size: small;\">W celu skorzystania z Newslettera, w tym z udost\u0119pnianych us\u0142ug i tre\u015bci cyfrowych, konieczne jest posiadanie:<\/span><\/span><\/p>\n<\/li>\n<\/ol>\n<ol>\n<li>\n<p align=\"JUSTIFY\"><span style=\"font-family: Arial, serif;\"><span style=\"font-size: small;\">aktualnej wersji przegl\u0105darki internetowej wspieranej przez producenta z dost\u0119pem do Internetu (np. Opera, Mozilla Firefox, Google Chrome, Safari);<\/span><\/span><\/p>\n<\/li>\n<li>\n<p align=\"JUSTIFY\"><span style=\"font-family: Arial, serif;\"><span style=\"font-size: small;\">aktywnego konta poczty elektronicznej;<\/span><\/span><\/p>\n<\/li>\n<li>\n<p align=\"JUSTIFY\"><span style=\"font-family: Arial, serif;\"><span style=\"font-size: small;\">aktualnego narz\u0119dzia\/ programu obs\u0142uguj\u0105cego pliki elektroniczne w formacie, w kt\u00f3rych dostarczana jest tre\u015b\u0107 cyfrowa (np. w formacie *.zip, *.pdf, *.mobi, *.pub, *.doc, *.docx, *.xsl);<\/span><\/span><\/p>\n<\/li>\n<li>\n<p align=\"JUSTIFY\"><span style=\"font-family: Arial, serif;\"><span style=\"font-size: small;\">konta na platformie spo\u0142eczno\u015bciowej , np. Meta (Facebook) w przypadku, gdy z opisu tre\u015bci cyfrowej wynika, i\u017c b\u0119dzie udost\u0119pniona m.in. na dedykowanej grupie,<\/span><\/span><\/p>\n<\/li>\n<\/ol>\n<ol start=\"4\">\n<li>\n<p align=\"JUSTIFY\"><span style=\"font-family: Arial, serif;\"><span style=\"font-size: small;\">W przypadku gdy do skorzystania z Newslettera, w tym z udost\u0119pnianych us\u0142ug i tre\u015bci cyfrowych konieczne b\u0119dzie spe\u0142nienie dodatkowych wymaga\u0144 technicznych, zostaniesz o tym poinformowany. Informacja zostanie Ci przekazana tak\u017ce w przypadku gdy konieczne jest dokonanie aktualizacji niezb\u0119dnych do zachowania zgodno\u015bci us\u0142ug i tre\u015bci cyfrowych z Umow\u0105. <\/span><\/span><\/p>\n<\/li>\n<\/ol>\n<p align=\"JUSTIFY\"><br \/><br \/><\/p>\n<p align=\"JUSTIFY\"><span style=\"font-family: Arial, serif;\"><span style=\"font-size: small;\"><b>\u00a75 Reklamacja <\/b><\/span><\/span><\/p>\n<ol>\n<li>\n<p align=\"JUSTIFY\"><span style=\"font-family: Arial, serif;\"><span style=\"font-size: small;\">Je\u017celi udost\u0119pniane us\u0142ugi\/ tre\u015bci cyfrowe s\u0105 niezgodne z umow\u0105, mo\u017cesz \u017c\u0105da\u0107 doprowadzenia do zgodno\u015bci z umow\u0105 lub z\u0142o\u017cy\u0107 o\u015bwiadczenie o obni\u017ceniu ceny (w przypadku us\u0142ugi p\u0142atnej) albo odst\u0105pi\u0107 od umowy. <\/span><\/span><\/p>\n<\/li>\n<li>\n<p align=\"JUSTIFY\"><span style=\"font-family: Arial, serif;\"><span style=\"font-size: small;\">Us\u0142ugodawca rozpatruje reklamacje w terminie 14 dni od dnia dor\u0119czenia reklamacji.<\/span><\/span><\/p>\n<\/li>\n<li>\n<p align=\"JUSTIFY\"><span style=\"font-family: Arial, serif;\"><span style=\"font-size: small;\">Reklamacj\u0119 mo\u017cna sk\u0142ada\u0107 e-mailowo, pisemnie lub w inny spos\u00f3b wskazany do komunikacji.<\/span><\/span><\/p>\n<\/li>\n<li>\n<p align=\"JUSTIFY\"><span style=\"font-family: Arial, serif;\"><span style=\"font-size: small;\">Us\u0142ugodawca mo\u017ce odm\u00f3wi\u0107 doprowadzenia do zgodno\u015bci z umow\u0105, je\u017celi doprowadzenie do zgodno\u015bci us\u0142ugi\/tre\u015bci cyfrowej z umow\u0105 w spos\u00f3b wybrany przez Klienta jest niemo\u017cliwe albo wymaga\u0142oby nadmiernych koszt\u00f3w dla Us\u0142ugodawcy. Przy ocenie nadmierno\u015bci koszt\u00f3w uwzgl\u0119dnia si\u0119 wszelkie okoliczno\u015bci sprawy, w szczeg\u00f3lno\u015bci znaczenie braku zgodno\u015bci tre\u015bci cyfrowej lub us\u0142ugi cyfrowej z umow\u0105 oraz warto\u015b\u0107 tre\u015bci cyfrowej lub us\u0142ugi cyfrowej zgodnych z umow\u0105. <\/span><\/span><\/p>\n<\/li>\n<li>\n<p align=\"JUSTIFY\"><span style=\"font-family: Arial, serif;\"><span style=\"font-size: small;\">Obowi\u0105zki i uprawnienia Stron, w tym szczeg\u00f3\u0142owe zasady reklamacji us\u0142ugi\/tre\u015bci cyfrowej zosta\u0142y okre\u015blone w ustawie o prawach konsumenta (m.in. w rozdziale 5b ustawy).<\/span><\/span><\/p>\n<\/li>\n<\/ol>\n<p align=\"JUSTIFY\"><span style=\"font-family: Arial, serif;\"><span style=\"font-size: small;\"><b>\u00a76 Odst\u0105pienie od Umowy <\/b><\/span><\/span><\/p>\n<ol>\n<li>\n<p align=\"JUSTIFY\"><span style=\"font-family: Arial, serif;\"><span style=\"font-size: small;\">Mo\u017cesz odst\u0105pi\u0107 od Umowy w terminie 14 dni od dnia zawarcia umowy. W celu skorzystania z prawa do odst\u0105pienia od umowy, Klient powinien poinformowa\u0107 Us\u0142ugodawc\u0119 o tym w drodze jednoznacznego o\u015bwiadczenia, wysy\u0142aj\u0105c np. e-mail lub pismo na adres wskazany w Regulaminie. <\/span><\/span><\/p>\n<\/li>\n<li>\n<p align=\"JUSTIFY\"><span style=\"font-family: Arial, serif;\"><span style=\"font-size: small;\">Mo\u017cesz odst\u0105pi\u0107 od Umowy w przypadku nie dostarczenia tre\u015bci lub us\u0142ugi cyfrowej.<\/span><\/span><\/p>\n<\/li>\n<li>\n<p align=\"JUSTIFY\"><span style=\"font-family: Arial, serif;\"><span style=\"font-size: small;\">W przypadku odst\u0105pienia od umowy, nale\u017cy powstrzymywa\u0107 si\u0119 od korzystania z tre\u015bci cyfrowej lub us\u0142ugi cyfrowej i udost\u0119pniania ich osobom trzecim. <\/span><\/span><\/p>\n<\/li>\n<\/ol>\n<p align=\"JUSTIFY\"><br \/><br \/><\/p>\n<p align=\"JUSTIFY\"><span style=\"font-family: Arial, serif;\"><span style=\"font-size: small;\"><b>\u00a77 Prawa autorskie i licencje<\/b><\/span><\/span><\/p>\n<ol>\n<li>\n<p align=\"JUSTIFY\"><span style=\"font-family: Arial, serif;\"><span style=\"font-size: small;\">Teksty, zdj\u0119cia, grafiki, multimedia oraz znaki towarowe udost\u0119pniane w ramach Newslettera s\u0105 utworem w rozumieniu ustawy z dnia 4 lutego 1994 r. o prawie autorskim i prawach pokrewnych, podlegaj\u0105cym ochronie prawnej. <\/span><\/span><\/p>\n<\/li>\n<li>\n<p align=\"JUSTIFY\"><span style=\"font-family: Arial, serif;\"><span style=\"font-size: small;\">Prawami autorskimi do ww. materia\u0142\u00f3w dysponuje Us\u0142ugodawca b\u0105d\u017a inny podmiot, od kt\u00f3rego Us\u0142ugodawca uzyska\u0142 odpowiedni\u0105 licencj\u0119. Materia\u0142y mog\u0105 by\u0107 te\u017c wykorzystywane przez Us\u0142ugodawc\u0119 w oparciu o inn\u0105 podstaw\u0119 prawn\u0105.<\/span><\/span><\/p>\n<\/li>\n<li>\n<p align=\"JUSTIFY\"><span style=\"font-family: Arial, serif;\"><span style=\"font-size: small;\">Wszelkie materia\u0142y udost\u0119pniane przez Us\u0142ugodawc\u0119 mog\u0105 by\u0107 wykorzystywane wy\u0142\u0105cznie na w\u0142asny u\u017cytek, o ile nic innego nie wynika z ustale\u0144 Stron. Nieuprawnione jest dalsze rozpowszechnianie, udost\u0119pnianie, zgrywanie i pobieranie w jakikolwiek spos\u00f3b materia\u0142\u00f3w poza zakresem dozwolonego u\u017cytku. <\/span><\/span><\/p>\n<\/li>\n<li>\n<p align=\"JUSTIFY\"><span style=\"font-family: Arial, serif;\"><span style=\"font-size: small;\">W przypadku naruszenia zakazu, o kt\u00f3rym mowa w niniejszym paragrafie, w tym naruszenia praw autorskich, Us\u0142ugodawca ma prawo domaga\u0107 si\u0119 od Klienta odszkodowania i zado\u015b\u0107uczynienia. Klient w ww. zakresie mo\u017ce ponosi\u0107 odpowiedzialno\u015b\u0107 cywiln\u0105 lub karn\u0105.<\/span><\/span><\/p>\n<\/li>\n<\/ol>\n<p align=\"JUSTIFY\"><br \/><br \/><\/p>\n<p align=\"JUSTIFY\"><span style=\"font-family: Arial, serif;\"><span style=\"font-size: small;\"><b>\u00a78 Dane osobowe<\/b><\/span><\/span><\/p>\n<ol>\n<li>\n<p align=\"JUSTIFY\"><span style=\"font-family: Arial, serif;\"><span style=\"font-size: small;\">Administratorem Twoich danych osobowych jest Us\u0142ugodawca. Twoje dane przetwarzane s\u0105 do nast\u0119puj\u0105cych cel\u00f3w:<\/span><\/span><\/p>\n<\/li>\n<\/ol>\n<ol>\n<li>\n<p align=\"JUSTIFY\"><span style=\"font-family: Arial, serif;\"><span style=\"font-size: small;\">Dane niezb\u0119dne do zawarcia i realizacji umowy b\u0119d\u0105 przetwarzane przez czas realizacji umowy, w tym przez czas realizacji uprawnie\u0144 wynikaj\u0105cych z umowy<\/span><\/span><span style=\"font-family: Arial, serif;\"><span style=\"font-size: small;\">(art. 6 ust. 1 lit. b i f RODO). <\/span><\/span><span style=\"font-family: Arial, serif;\"><span style=\"font-size: small;\">P<\/span><\/span><span style=\"font-family: Arial, serif;\"><span style=\"font-size: small;\">odanie tych danych jest dobrowolne, ale niezb\u0119dne do zawarcia i realizacji umowy;<\/span><\/span><\/p>\n<\/li>\n<li>\n<p align=\"JUSTIFY\"><span style=\"font-family: Arial, serif;\"><span style=\"font-size: small;\">Dane dodatkowe podane w celu m.in. usprawnienia realizacji umowy b\u0119d\u0105 przetwarzane <\/span><\/span><span style=\"font-family: Arial, serif;\"><span style=\"font-size: small;\">nie d\u0142u\u017cej ni\u017c do czasu wniesienia przez Ciebie sprzeciwu lub ustania celu biznesowego<\/span><\/span><span style=\"font-family: Arial, serif;\"><span style=\"font-size: small;\"> w oparciu o uzasadniony interes w postaci obs\u0142ugi Klient\u00f3w <\/span><\/span><span style=\"font-family: Arial, serif;\"><span style=\"font-size: small;\">(art. 6 ust. 1 lit. f RODO)<\/span><\/span><span style=\"font-family: Arial, serif;\"><span style=\"font-size: small;\">. <\/span><\/span><\/p>\n<\/li>\n<li>\n<p align=\"JUSTIFY\"><span style=\"font-family: Arial, serif;\"><span style=\"font-size: small;\">Dane b\u0119d\u0105 <\/span><\/span><span style=\"font-family: Arial, serif;\"><span style=\"font-size: small;\">przetwarzane tak\u017ce <\/span><\/span><span style=\"font-family: Arial, serif;\"><span style=\"font-size: small;\">przez okres przedawnienia roszcze\u0144<\/span><\/span><span style=\"font-family: Arial, serif;\"><span style=\"font-size: small;\"> w oparciu o uzasadniony <\/span><\/span><span style=\"font-family: Arial, serif;\"><span style=\"font-size: small;\">interes Us\u0142ugodawcy w celu obrony przed roszczeniami, a tak\u017ce w celu ustalenia i dochodzenia roszcze\u0144 <\/span><\/span><span style=\"font-family: Arial, serif;\"><span style=\"font-size: small;\">(art. 6 ust. 1 lit. f RODO)<\/span><\/span><span style=\"font-family: Arial, serif;\"><span style=\"font-size: small;\">. <\/span><\/span><\/p>\n<\/li>\n<li>\n<p align=\"JUSTIFY\"><span style=\"font-family: Arial, serif;\"><span style=\"font-size: small;\">Dane mog\u0105 by\u0107 tak\u017ce archiwizowane do cel\u00f3w wewn\u0119trznych i statystycznych <\/span><\/span><span style=\"font-family: Arial, serif;\"><span style=\"font-size: small;\">do czasu wniesienia przez Ciebie sprzeciwu lub ustania celu biznesowego<\/span><\/span><span style=\"font-family: Arial, serif;\"><span style=\"font-size: small;\"> w oparciu o uzasadniony <\/span><\/span><span style=\"font-family: Arial, serif;\"><span style=\"font-size: small;\">interes Us\u0142ugodawcy <\/span><\/span><span style=\"font-family: Arial, serif;\"><span style=\"font-size: small;\">(art. 6 ust. 1 lit. f RODO)<\/span><\/span><span style=\"font-family: Arial, serif;\"><span style=\"font-size: small;\">. <\/span><\/span><\/p>\n<\/li>\n<li>\n<p align=\"JUSTIFY\"><span style=\"font-family: Arial, serif;\"><span style=\"font-size: small;\">W przypadku danych zbieranych do cel\u00f3w marketingowych i handlowych, w tym w celu d<\/span><\/span><span style=\"font-family: Arial, serif;\"><span style=\"font-size: small;\">ostarczania informacji marketingowych w ramach us\u0142ugi Newsletter, dane b\u0119d\u0105 przetwarzane w oparciu o uzasadniony interes Us\u0142ugodawcy w postaci marketingu produkt\u00f3w i us\u0142ug Us\u0142ugodawcy (art. 6 ust. 1 lit. f RODO) oraz w oparciu o Twoj\u0105 zgod\u0119. Twoje dane b\u0119d\u0105 przetwarzane nie d\u0142u\u017cej ni\u017c do czasu wniesienia przez Ciebie sprzeciwu\/cofni\u0119cia zgody lub ustania celu biznesowego \u2013 w zale\u017cno\u015bci od tego, co nast\u0105pi wcze\u015bniej. Podanie danych jest dobrowolne, jednak niezb\u0119dne do otrzymywania informacji marketingowych\/handlowych. Zgod\u0119 mo\u017cesz cofn\u0105\u0107 w ka\u017cdej chwili, <\/span><\/span><span style=\"font-family: Arial, serif;\"><span style=\"font-size: small;\">klikaj\u0105c link w stopce maila lub pisz\u0105c do Us\u0142ugodawcy na adres podany wy\u017cej<\/span><\/span><span style=\"font-family: Arial, serif;\"><span style=\"font-size: small;\"><b>.<\/b><\/span><\/span><\/p>\n<\/li>\n<\/ol>\n<ol start=\"2\">\n<li>\n<p align=\"JUSTIFY\"><span style=\"font-family: Arial, serif;\"><span style=\"font-size: small;\">Twoje dane mog\u0105 by\u0107 powierzone innym podmiotom, tylko wtedy jest to niezb\u0119dne do realizacji cel\u00f3w przetwarzania, o kt\u00f3rych mowa wy\u017cej oraz <\/span><\/span><span style=\"font-family: Arial, serif;\"><span style=\"font-size: small;\">wy\u0142\u0105cznie w zakresie koniecznym do realizacji tego celu. W razie potrzeby Twoje dane mog\u0105 by\u0107 przekazane firmie hostingowej<\/span><\/span><span style=\"font-family: Arial, serif;\"><span style=\"font-size: small;\">, podmiotom wspieraj\u0105cym w obs\u0142udze i wysy\u0142ce Newslettera, platformie spo\u0142eczno\u015bciowej Meta, <\/span><\/span><span style=\"font-family: Arial, serif;\"><span style=\"font-size: small;\">firmie \u015bwiadcz\u0105cej us\u0142ugi chmurowe,<\/span><\/span> <span style=\"font-family: Arial, serif;\"><span style=\"font-size: small;\">podmiotom \u015bwiadcz\u0105cym us\u0142ugi marketingowe, <\/span><\/span><span style=\"font-family: Arial, serif;\"><span style=\"font-size: small;\">oraz <\/span><\/span><span style=\"font-family: Arial, serif;\"><span style=\"font-size: small;\">innym podmiotom, kt\u00f3re wspieraj\u0105 Administratora w realizacji cel\u00f3w przetwarzania.<\/span><\/span><\/p>\n<\/li>\n<li>\n<p align=\"JUSTIFY\"><span style=\"font-family: Arial, serif;\"><span style=\"font-size: small;\">Us\u0142ugodawca korzysta z programu <\/span><\/span><span style=\"color: #ff0000;\"><span style=\"font-family: Arial, serif;\"><span style=\"font-size: small;\">Mailerlite, GetResponse<\/span><\/span><\/span><span style=\"font-family: Arial, serif;\"><span style=\"font-size: small;\"> do wysy\u0142ki Newslettera udost\u0119pnianego przez <\/span><\/span><\/p>\n<\/li>\n<\/ol>\n<ul>\n<li>\n<p align=\"JUSTIFY\"><span style=\"font-family: Times New Roman, serif;\"><span style=\"font-size: small;\"><span lang=\"en-GB\">MailerLite Limited, an Irish registered company at Ground Floor, 71 Lower Baggot Street, Dublin 2, D02 P593, Ireland.<\/span><\/span><\/span><\/p>\n<\/li>\n<li>\n<p align=\"JUSTIFY\"><span style=\"font-family: Times New Roman, serif;\"><span style=\"font-size: small;\">GetResponse S.A., z siedzib\u0105 w Gda\u0144sku, ul. Arko\u0144ska 6, A3, 80-387 Gda\u0144sk, zarejestrowan\u0105 przez VII Wydzia\u0142 Gospodarczy S\u0105du Rejonowego Gda\u0144sk \u2013 P\u00f3\u0142noc w Gda\u0144sku w Rejestrze Przedsi\u0119biorc\u00f3w Krajowego Rejestru S\u0105dowego pod numerem KRS: 0000942075, NIP: 9581468984<\/span><\/span><\/p>\n<\/li>\n<\/ul>\n<p align=\"JUSTIFY\"><span style=\"font-family: Arial, serif;\"><span style=\"font-size: small;\">Szczeg\u00f3\u0142owe informacje dotycz\u0105ce Polityki prywatno\u015bci podmiotu \u015bwiadcz\u0105cego us\u0142ug\u0119 wysy\u0142ki Newslettera znajduj\u0105 si\u0119 na stronie: <\/span><\/span><\/p>\n<ul>\n<li>\n<p align=\"JUSTIFY\"><a href=\"https:\/\/www.mailerlite.com\/legal\/cookie-policy\"><span style=\"color: #0563c1;\"><span style=\"font-family: Times New Roman, serif;\"><span style=\"font-size: small;\"><u>https:\/\/www.mailerlite.com\/legal\/cookie-policy<\/u><\/span><\/span><\/span><\/a><\/p>\n<\/li>\n<li>\n<p align=\"JUSTIFY\"><a href=\"https:\/\/www.getresponse.pl\/informacje-prawne\/polityka-prywatnosci\"><span style=\"color: #0563c1;\"><span style=\"font-family: Times New Roman, serif;\"><span style=\"font-size: small;\"><u>https:\/\/www.getresponse.pl\/informacje-prawne\/polityka-prywatnosci<\/u><\/span><\/span><\/span><\/a><\/p>\n<\/li>\n<\/ul>\n<ol start=\"4\">\n<li>\n<p align=\"JUSTIFY\"><span style=\"font-family: Arial, serif;\"><span style=\"font-size: small;\">W zwi\u0105zku z RODO przys\u0142uguje Ci prawo dost\u0119pu do swoich danych osobowych<\/span><\/span><span style=\"font-family: Arial, serif;\"><span style=\"font-size: small;\">, <\/span><\/span><span style=\"font-family: Arial, serif;\"><span style=\"font-size: small;\">sprostowania danych osobowych, usuni\u0119cia danych osobowych<\/span><\/span><span style=\"font-family: Arial, serif;\"><span style=\"font-size: small;\">, <\/span><\/span><span style=\"font-family: Arial, serif;\"><span style=\"font-size: small;\">ograniczenia przetwarzania danych osobowych<\/span><\/span><span style=\"font-family: Arial, serif;\"><span style=\"font-size: small;\">, <\/span><\/span><span style=\"font-family: Arial, serif;\"><span style=\"font-size: small;\">sprzeciwu wobec przetwarzania danych osobowych<\/span><\/span><span style=\"font-family: Arial, serif;\"><span style=\"font-size: small;\">, <\/span><\/span><span style=\"font-family: Arial, serif;\"><span style=\"font-size: small;\">przenoszenia danych osobowych, cofni\u0119cia zgody, z tym zastrze\u017ceniem, \u017ce wycofanie zgody nie wp\u0142ywa na zgodno\u015b\u0107 z prawem przetwarzania dokonanego przed jej cofni\u0119ciem.<\/span><\/span><\/p>\n<\/li>\n<li>\n<p align=\"JUSTIFY\"><span style=\"font-family: Arial, serif;\"><span style=\"font-size: small;\">Je\u017celi uwa\u017casz, \u017ce Twoje dane osobowe s\u0105 przetwarzane niezgodnie z obowi\u0105zuj\u0105cym prawem, przys\u0142uguje Ci skarga do Prezesa Urz\u0119du Ochrony Danych Osobowych. W takim przypadku zach\u0119cam jednak do wcze\u015bniejszego kontaktu <\/span><\/span><span style=\"color: #ff0000;\"><span style=\"font-family: Arial, serif;\"><span style=\"font-size: small;\">z nami<\/span><\/span><\/span><span style=\"font-family: Arial, serif;\"><span style=\"font-size: small;\"> celem wyja\u015bnienia swoich w\u0105tpliwo\u015bci.<\/span><\/span><\/p>\n<\/li>\n<\/ol>\n<p align=\"JUSTIFY\"><br \/><br \/><\/p>\n<p align=\"JUSTIFY\"><span style=\"font-family: Arial, serif;\"><span style=\"font-size: small;\"><b>\u00a79 Postanowienia ko\u0144cowe <\/b><\/span><\/span><\/p>\n<ol>\n<li style=\"list-style-type: none;\">\n<ol start=\"6\">\n<li style=\"list-style-type: none;\">\n<ol type=\"i\">\n<li style=\"list-style-type: none;\">\n<ol>\n<li style=\"list-style-type: none;\">\n<ol>\n<li style=\"list-style-type: none;\">\n<ol type=\"i\">\n<li style=\"list-style-type: none;\">\n<ol>\n<li>\n<p align=\"JUSTIFY\"><span style=\"font-family: Arial, serif;\"><span style=\"font-size: small;\">W ramach korzystania z Newslettera, w tym z us\u0142ugi lub tre\u015bci cyfrowej zabrania si\u0119 dostarczania informacji o charakterze bezprawnym oraz dzia\u0142ania w\u00a0spos\u00f3b sprzeczny z\u00a0prawem, dobrymi obyczajami lub naruszaj\u0105cy dobra osobiste os\u00f3b trzecich.<\/span><\/span><\/p>\n<\/li>\n<li>\n<p align=\"JUSTIFY\"><span style=\"font-family: Arial, serif;\"><span style=\"font-size: small;\">Polubowne rozpatrywanie spor\u00f3w i rozpatrywania reklamacji w przypadku konsumenta jest mo\u017cliwe poprzez zwr\u00f3cenie si\u0119 do:<\/span><\/span><\/p>\n<\/li>\n<\/ol>\n<\/li>\n<\/ol>\n<\/li>\n<\/ol>\n<\/li>\n<\/ol>\n<\/li>\n<\/ol>\n<\/li>\n<\/ol>\n<\/li>\n<\/ol>\n<ol>\n<li>\n<p align=\"JUSTIFY\"><span style=\"font-family: Arial, serif;\"><span style=\"font-size: small;\">sta\u0142ego polubownego s\u0105du konsumenckiego z wnioskiem o rozstrzygni\u0119cie sporu wynik\u0142ego z zawartej umowy;<\/span><\/span><\/p>\n<\/li>\n<li>\n<p align=\"JUSTIFY\"><span style=\"font-family: Arial, serif;\"><span style=\"font-size: small;\">wojew\u00f3dzkiego inspektora Inspekcji Handlowej z wnioskiem o wszcz\u0119cie post\u0119powania mediacyjnego, w sprawie polubownego zako\u0144czenia sporu mi\u0119dzy Klientem a Sprzedawc\u0105;<\/span><\/span><\/p>\n<\/li>\n<li>\n<p align=\"JUSTIFY\"><span style=\"font-family: Arial, serif;\"><span style=\"font-size: small;\">powiatowego (miejskiego) rzecznika praw konsumenta lub organizacji spo\u0142ecznej, do kt\u00f3rej statutowych zada\u0144 nale\u017cy ochrona konsument\u00f3w w celu uzyskania pomocy w sprawie umowy; <\/span><\/span><\/p>\n<\/li>\n<li>\n<p align=\"JUSTIFY\"><span style=\"font-family: Arial, serif;\"><span style=\"font-size: small;\">lub ma prawo skorzysta\u0107 z platformy ODR. Platforma s\u0142u\u017cy rozstrzyganiu spor\u00f3w pomi\u0119dzy konsumentami i przedsi\u0119biorcami <\/span><\/span><a href=\"http:\/\/ec.europa.eu\/consumers\/odr\"><span style=\"font-family: Arial, serif;\"><span style=\"font-size: small;\"><u>http:\/\/ec.europa.eu\/consumers\/odr<\/u><\/span><\/span><\/a><span style=\"font-family: Arial, serif;\"><span style=\"font-size: small;\">.<\/span><\/span><\/p>\n<\/li>\n<\/ol>\n<ol>\n<li style=\"list-style-type: none;\">\n<ol start=\"6\">\n<li style=\"list-style-type: none;\">\n<ol type=\"i\">\n<li style=\"list-style-type: none;\">\n<ol>\n<li style=\"list-style-type: none;\">\n<ol>\n<li style=\"list-style-type: none;\">\n<ol type=\"i\">\n<li style=\"list-style-type: none;\">\n<ol start=\"3\">\n<li>\n<p align=\"JUSTIFY\"><span style=\"font-family: Arial, serif;\"><span style=\"font-size: small;\">Us\u0142ugodawca zastrzega sobie prawo do wprowadzenia zmian do Regulaminu z wa\u017cnych przyczyn, w tym w szczeg\u00f3lno\u015bci z powodu zmiany przepis\u00f3w prawa w zakresie, w jakich zmiany te wymuszaj\u0105 na Us\u0142ugodawcy r\u00f3wnie\u017c zmiany tre\u015bci niniejszego Regulaminu, w szczeg\u00f3lno\u015bci zmiany przepis\u00f3w Kodeksu cywilnego, ustawy o prawach konsumenta, ustawy o \u015bwiadczeniu us\u0142ug drog\u0105 elektroniczn\u0105, a tak\u017ce na mocy obowi\u0105zuj\u0105cych decyzji UOKIK, PUODO lub orzecze\u0144 s\u0105dowych w zakresie odpowiadaj\u0105cym wydanym decyzjom\/orzeczeniom oraz w przypadku istotnej zmiany czynnik\u00f3w biznesowych, o ile istnieje zwi\u0105zek przyczynowo-skutkowy mi\u0119dzy ww. zmian\u0105 a zmian\u0105 koszt\u00f3w \u015bwiadczenia us\u0142ug przez Us\u0142ugodawc\u0119. Szczeg\u00f3\u0142owe informacje dot. zmian wskazuje ustawa o prawach konsumenta.<\/span><\/span><\/p>\n<\/li>\n<li>\n<p align=\"JUSTIFY\"><span style=\"font-family: Arial, serif;\"><span style=\"font-size: small;\">Niniejszy Regulamin obowi\u0105zuje od dnia 14.03.2024<\/span><\/span><\/p>\n<\/li>\n<\/ol>\n<\/li>\n<\/ol>\n<\/li>\n<\/ol>\n<\/li>\n<\/ol>\n<\/li>\n<\/ol>\n<\/li>\n<\/ol>\n<\/li>\n<\/ol>\n<p align=\"JUSTIFY\"><br \/><br \/><\/p>\n<p align=\"JUSTIFY\"><br \/><br \/><\/p>\n<p align=\"JUSTIFY\"><span style=\"font-family: Arial, serif;\"><span style=\"font-size: medium;\"><b>\u00a710 S\u0142ownik poj\u0119\u0107<\/b><\/span><\/span><\/p>\n<ol>\n<li>\n<p align=\"JUSTIFY\"><span style=\"font-family: Arial, serif;\"><span style=\"font-size: small;\">Cena \u2013 pieni\u0105dze lub cyfrowe odwzorowanie warto\u015bci;<\/span><\/span><\/p>\n<\/li>\n<li>\n<p align=\"JUSTIFY\"><span style=\"font-family: Arial, serif;\"><span style=\"font-size: small;\">Klient \u2013 podmiot, kt\u00f3ry zawar\u0142 Umow\u0119 z Us\u0142ugodawc\u0105 na dost\u0119p do Newslettera, w tym dostarczenie us\u0142ugi i\/lub tre\u015bci cyfrowej;<\/span><\/span><\/p>\n<\/li>\n<li>\n<p align=\"JUSTIFY\"><span style=\"font-family: Arial, serif;\"><span style=\"font-size: small;\">Konsument \u2013 osoba fizyczna, kt\u00f3ra zawar\u0142a Umow\u0119 z Us\u0142ugodawc\u0105 do cel\u00f3w, kt\u00f3re nie s\u0105 bezpo\u015brednio zwi\u0105zane z jej dzia\u0142alno\u015bci\u0105 gospodarcz\u0105\/zawodow\u0105;<\/span><\/span><\/p>\n<\/li>\n<li>\n<p align=\"JUSTIFY\"><span style=\"font-family: Arial, serif;\"><span style=\"font-size: small;\">Tre\u015b\u0107 cyfrowa \u2013 <\/span><\/span><span style=\"font-family: Times New Roman, serif;\"><span style=\"font-size: small;\">dane wytworzone i dostarczane w postaci cyfrowej (<\/span><\/span><span style=\"font-family: Arial, serif;\"><span style=\"font-size: small;\">np. e-book, inne materia\u0142y w formie pdf, audio\/video);<\/span><\/span><\/p>\n<\/li>\n<li>\n<p align=\"JUSTIFY\"><span style=\"font-family: Arial, serif;\"><span style=\"font-size: small;\">Us\u0142uga \u2013 us\u0142uga lub tre\u015b\u0107 cyfrowa lub towar z elementami cyfrowymi;<\/span><\/span><\/p>\n<\/li>\n<li>\n<p align=\"JUSTIFY\"><span style=\"font-family: Arial, serif;\"><span style=\"font-size: small;\">Us\u0142uga cyfrowa \u2013 us\u0142uga pozwalaj\u0105c\u0105 Klientowi na wytwarzanie, przetwarzanie, przechowywanie lub dost\u0119p do danych w postaci cyfrowej lub us\u0142ug\u0119 pozwalaj\u0105c\u0105 na wsp\u00f3lne korzystanie z danych w postaci cyfrowej, kt\u00f3re zosta\u0142y przes\u0142ane lub wytworzone przez Klienta lub innych u\u017cytkownik\u00f3w tej us\u0142ugi lub inne formy interakcji za pomoc\u0105 takich danych;<\/span><\/span><\/p>\n<\/li>\n<\/ol>\n<p align=\"JUSTIFY\"><br \/><br \/><\/p>\t\t\t\t\t\t<\/div>\n\t\t\t\t<\/div>\n\t\t\t\t\t<\/div>\n\t\t\t\t<\/div>\n\t\t\t\t\t\t\t<\/div>\n\t\t","protected":false},"excerpt":{"rendered":"<p>Dzie\u0144 dobry! Je\u015bli trafi\u0142e\u015b na t\u0119 stron\u0119, to znaczy, \u017ce wa\u017cna jest dla Ciebie ochrona Twoich danych osobowych. Chcemy Ci\u0119 zapewni\u0107, \u017ce dbamy o Twoj\u0105 prywatno\u015b\u0107 i jest ona dla nas wa\u017cna. W tym celu wdro\u017cyli\u015bmy nie tylko \u015brodki prawne, ale i techniczne, \u017ceby dodatkowo wzmocni\u0107 jej ochron\u0119. Zgodnie z RODO, poni\u017cej przedstawiamy, zasady przetwarzania [&hellip;]<\/p>\n","protected":false},"author":1,"featured_media":0,"parent":0,"menu_order":0,"comment_status":"closed","ping_status":"open","template":"","meta":{"footnotes":""},"class_list":["post-3","page","type-page","status-publish","hentry","entry"],"_links":{"self":[{"href":"https:\/\/www.lexcapitalgroup.pl\/index.php?rest_route=\/wp\/v2\/pages\/3","targetHints":{"allow":["GET"]}}],"collection":[{"href":"https:\/\/www.lexcapitalgroup.pl\/index.php?rest_route=\/wp\/v2\/pages"}],"about":[{"href":"https:\/\/www.lexcapitalgroup.pl\/index.php?rest_route=\/wp\/v2\/types\/page"}],"author":[{"embeddable":true,"href":"https:\/\/www.lexcapitalgroup.pl\/index.php?rest_route=\/wp\/v2\/users\/1"}],"replies":[{"embeddable":true,"href":"https:\/\/www.lexcapitalgroup.pl\/index.php?rest_route=%2Fwp%2Fv2%2Fcomments&post=3"}],"version-history":[{"count":4,"href":"https:\/\/www.lexcapitalgroup.pl\/index.php?rest_route=\/wp\/v2\/pages\/3\/revisions"}],"predecessor-version":[{"id":1799,"href":"https:\/\/www.lexcapitalgroup.pl\/index.php?rest_route=\/wp\/v2\/pages\/3\/revisions\/1799"}],"wp:attachment":[{"href":"https:\/\/www.lexcapitalgroup.pl\/index.php?rest_route=%2Fwp%2Fv2%2Fmedia&parent=3"}],"curies":[{"name":"wp","href":"https:\/\/api.w.org\/{rel}","templated":true}]}}